{"id":144,"date":"2026-04-28T20:25:34","date_gmt":"2026-04-28T23:25:34","guid":{"rendered":"http:\/\/robertogalliera.com\/?page_id=144"},"modified":"2026-04-29T07:48:46","modified_gmt":"2026-04-29T10:48:46","slug":"oportunidade-6","status":"publish","type":"page","link":"https:\/\/robertogalliera.com\/?page_id=144","title":{"rendered":"Oportunidade 6"},"content":{"rendered":"\n<figure class=\"wp-block-image aligncenter size-full is-resized has-custom-border is-style-default\"><img decoding=\"async\" width=\"1024\" height=\"1024\" src=\"http:\/\/robertogalliera.com\/wp-content\/uploads\/2026\/04\/Imagem_simbolica_para_202604221408-1.jpeg\" alt=\"\" class=\"wp-image-107\" style=\"border-top-left-radius:10px;border-top-right-radius:10px;border-bottom-left-radius:10px;border-bottom-right-radius:10px;width:468px;height:auto\" srcset=\"https:\/\/robertogalliera.com\/wp-content\/uploads\/2026\/04\/Imagem_simbolica_para_202604221408-1.jpeg 1024w, https:\/\/robertogalliera.com\/wp-content\/uploads\/2026\/04\/Imagem_simbolica_para_202604221408-1-300x300.jpeg 300w, https:\/\/robertogalliera.com\/wp-content\/uploads\/2026\/04\/Imagem_simbolica_para_202604221408-1-150x150.jpeg 150w, https:\/\/robertogalliera.com\/wp-content\/uploads\/2026\/04\/Imagem_simbolica_para_202604221408-1-768x768.jpeg 768w\" sizes=\"(max-width: 1024px) 100vw, 1024px\" \/><\/figure>\n\n\n\n<h2 class=\"wp-block-heading has-text-align-center has-xx-large-font-size\"><mark style=\"background-color:rgba(0, 0, 0, 0);color:#fff\" class=\"has-inline-color\"><strong>Entidade Educacional de Terceiro Setor (OSCIP)<\/strong><\/mark><br><strong>Sucess\u00e3o Institucional<\/strong><\/h2>\n\n\n\n<div class=\"wp-block-columns alignfull is-layout-flex wp-container-core-columns-is-layout-28f84493 wp-block-columns-is-layout-flex\">\n<div class=\"wp-block-column is-layout-flow wp-block-column-is-layout-flow\" style=\"flex-basis:25%\"><\/div>\n\n\n\n<div class=\"wp-block-column is-layout-flow wp-block-column-is-layout-flow\" style=\"flex-basis:50%\">\n<p class=\"has-text-align-center has-large-font-size\"><mark style=\"background-color:rgba(0, 0, 0, 0);color:#fff\" class=\"has-inline-color\">Uma <strong>OSCIP<\/strong> educacional madura juridicamente, pronta para operar gerando impacto social imediato.<\/mark><\/p>\n<\/div>\n\n\n\n<div class=\"wp-block-column is-layout-flow wp-block-column-is-layout-flow\" style=\"flex-basis:25%\"><\/div>\n<\/div>\n\n\n\n<hr class=\"wp-block-separator has-text-color has-contrast-color has-alpha-channel-opacity has-contrast-background-color has-background is-style-wide\" style=\"margin-top:var(--wp--preset--spacing--70);margin-bottom:var(--wp--preset--spacing--70)\"\/>\n\n\n\n<div class=\"wp-block-columns alignfull has-transparent-background-color has-background is-layout-flex wp-container-core-columns-is-layout-28f84493 wp-block-columns-is-layout-flex\">\n<div class=\"wp-block-column is-layout-flow wp-block-column-is-layout-flow\" style=\"flex-basis:25%\"><\/div>\n\n\n\n<div class=\"wp-block-column is-layout-flow wp-block-column-is-layout-flow\" style=\"flex-basis:50%\">\n<p><mark style=\"background-color:rgba(0, 0, 0, 0);color:#fff\" class=\"has-inline-color\">Disponibiliza\u00e7\u00e3o de estrutura jur\u00eddica madura para grupos educacionais ou corpora\u00e7\u00f5es focadas em Educa\u00e7\u00e3o de Jovens e Adultos e ESG. Associa\u00e7\u00e3o com 17 anos de hist\u00f3rico, qualificada como OSCIP (Organiza\u00e7\u00e3o da Sociedade Civil de Interesse P\u00fablico) e plena conformidade com o Marco Regulat\u00f3rio (MROSC). Ideal para viabiliza\u00e7\u00e3o imediata de projetos sociais, educacionais e capta\u00e7\u00e3o via incentivos fiscais.<\/mark><\/p>\n\n\n\n<ul class=\"wp-block-list has-base-color has-text-color has-link-color wp-elements-fa984114f8ac70ea5bb67048d2963be5\">\n<li><strong>Opera\u00e7\u00e3o S\u00f3lida: <\/strong>Economia de anos de tramita\u00e7\u00e3o (alcan\u00e7ar status de Oscip leva mais de 4 anos). O modelo desta <strong>OSCIP<\/strong> foi desenhado com foco em resultados (Efficiency-Driven) para a dinamizar os projetos, diferente das entidades filantr\u00f3picas tradicionais, amarradas \u00e0 lentid\u00e3o das certifica\u00e7\u00f5es CEBAS (Certificado de Entidade Beneficente de Assist\u00eancia Social).<\/li>\n\n\n\n<li><strong>Capacidade de Execu\u00e7\u00e3o: <\/strong>Estrutura legal pronta para parcerias estrat\u00e9gicas imediatas em \u00e2mbitos Federal, Estadual e Municipal, al\u00e9m de parcerias corporativas diretas (empresas privadas), atuando como o ve\u00edculo ideal para viabilizar projetos educacionais e de impacto social sem os entraves da burocracia assistencial cl\u00e1ssica.<\/li>\n\n\n\n<li><strong>Tese de Sinergia: <\/strong>Permite que empresas doadoras deduzam o valor doado do lucro real (at\u00e9 2% do lucro operacional), o que atrai grandes doadores corporativos.<\/li>\n\n\n\n<li><strong>Local:<\/strong> Minas Gerais (em cidade considerada uma das melhores do Brasil).<\/li>\n\n\n\n<li><strong>Estrutura:<\/strong> Sucess\u00e3o de corpo jur\u00eddico-administrativo. Estatuto conforme Lei 9.790\/99: de acordo com o Marco Regulat\u00f3rio das Organiza\u00e7\u00f5es da Sociedade Civil (MROSC), consolidado pela Lei n\u00ba 13.019\/2014.<\/li>\n<\/ul>\n<\/div>\n\n\n\n<div class=\"wp-block-column is-layout-flow wp-block-column-is-layout-flow\" style=\"flex-basis:25%\"><\/div>\n<\/div>\n\n\n\n<hr class=\"wp-block-separator has-text-color has-contrast-color has-alpha-channel-opacity has-contrast-background-color has-background is-style-wide\" style=\"margin-top:var(--wp--preset--spacing--70);margin-bottom:var(--wp--preset--spacing--70)\"\/>\n","protected":false},"excerpt":{"rendered":"<p>Entidade Educacional de Terceiro Setor (OSCIP)Sucess\u00e3o Institucional Uma OSCIP educacional madura juridicamente, pronta para operar gerando impacto social imediato. Disponibiliza\u00e7\u00e3o [&hellip;]<\/p>\n","protected":false},"author":1,"featured_media":0,"parent":0,"menu_order":0,"comment_status":"closed","ping_status":"closed","template":"","meta":{"footnotes":""},"class_list":["post-144","page","type-page","status-publish","hentry"],"_links":{"self":[{"href":"https:\/\/robertogalliera.com\/index.php?rest_route=\/wp\/v2\/pages\/144","targetHints":{"allow":["GET"]}}],"collection":[{"href":"https:\/\/robertogalliera.com\/index.php?rest_route=\/wp\/v2\/pages"}],"about":[{"href":"https:\/\/robertogalliera.com\/index.php?rest_route=\/wp\/v2\/types\/page"}],"author":[{"embeddable":true,"href":"https:\/\/robertogalliera.com\/index.php?rest_route=\/wp\/v2\/users\/1"}],"replies":[{"embeddable":true,"href":"https:\/\/robertogalliera.com\/index.php?rest_route=%2Fwp%2Fv2%2Fcomments&post=144"}],"version-history":[{"count":2,"href":"https:\/\/robertogalliera.com\/index.php?rest_route=\/wp\/v2\/pages\/144\/revisions"}],"predecessor-version":[{"id":177,"href":"https:\/\/robertogalliera.com\/index.php?rest_route=\/wp\/v2\/pages\/144\/revisions\/177"}],"wp:attachment":[{"href":"https:\/\/robertogalliera.com\/index.php?rest_route=%2Fwp%2Fv2%2Fmedia&parent=144"}],"curies":[{"name":"wp","href":"https:\/\/api.w.org\/{rel}","templated":true}]}}