{"id":6,"date":"2026-04-16T07:15:56","date_gmt":"2026-04-16T10:15:56","guid":{"rendered":"http:\/\/robertogalliera.com\/?page_id=6"},"modified":"2026-04-29T22:14:58","modified_gmt":"2026-04-30T01:14:58","slug":"about-theme","status":"publish","type":"page","link":"https:\/\/robertogalliera.com\/?page_id=6","title":{"rendered":"Oportunidades"},"content":{"rendered":"\n<div class=\"wp-block-group alignfull is-style-default has-assets-eight-background-color has-background has-global-padding is-layout-constrained wp-block-group-is-layout-constrained\" style=\"padding-top:var(--wp--preset--spacing--80);padding-bottom:var(--wp--preset--spacing--80)\">\n<h1 class=\"wp-block-heading has-text-align-center\">Oportunidades M&amp;A<\/h1>\n\n\n\n<div class=\"wp-block-columns is-layout-flex wp-container-core-columns-is-layout-28f84493 wp-block-columns-is-layout-flex\">\n<div class=\"wp-block-column is-vertically-aligned-center is-layout-flow wp-block-column-is-layout-flow\" style=\"flex-basis:33.33%\">\n<figure class=\"wp-block-image alignright size-full is-resized has-custom-border\"><img decoding=\"async\" width=\"1024\" height=\"1024\" src=\"http:\/\/robertogalliera.com\/wp-content\/uploads\/2026\/04\/Imagem_simbolica_para_202604221359.jpeg\" alt=\"\" class=\"wp-image-100\" style=\"border-top-left-radius:10px;border-top-right-radius:10px;border-bottom-left-radius:10px;border-bottom-right-radius:10px;width:238px;height:auto\" srcset=\"https:\/\/robertogalliera.com\/wp-content\/uploads\/2026\/04\/Imagem_simbolica_para_202604221359.jpeg 1024w, https:\/\/robertogalliera.com\/wp-content\/uploads\/2026\/04\/Imagem_simbolica_para_202604221359-300x300.jpeg 300w, https:\/\/robertogalliera.com\/wp-content\/uploads\/2026\/04\/Imagem_simbolica_para_202604221359-150x150.jpeg 150w, https:\/\/robertogalliera.com\/wp-content\/uploads\/2026\/04\/Imagem_simbolica_para_202604221359-768x768.jpeg 768w\" sizes=\"(max-width: 1024px) 100vw, 1024px\" \/><\/figure>\n<\/div>\n\n\n\n<div class=\"wp-block-column has-border-color is-layout-flow wp-block-column-is-layout-flow\" style=\"border-color:#595959;border-width:1px;border-top-left-radius:10px;border-top-right-radius:10px;border-bottom-left-radius:10px;border-bottom-right-radius:10px;padding-top:var(--wp--preset--spacing--40);padding-right:var(--wp--preset--spacing--40);padding-bottom:var(--wp--preset--spacing--40);padding-left:var(--wp--preset--spacing--40);flex-basis:66.66%\">\n<h2 class=\"wp-block-heading has-large-font-size\"><mark style=\"background-color:rgba(0, 0, 0, 0);color:#fff\" class=\"has-inline-color\">Empresa de TI<\/mark><br><mark style=\"background-color:rgba(0, 0, 0, 0)\" class=\"has-inline-color has-custom-color-1-color\">Cybersecurity &amp; Tech Ops<\/mark><\/h2>\n\n\n\n<p><mark style=\"background-color:rgba(0, 0, 0, 0);color:#fff\" class=\"has-inline-color\">Ativo estrat\u00e9gico com 26 anos de mercado, especializado em blindagem de dados cr\u00edticos, defesa cibern\u00e9tica avan\u00e7ada (SOC pr\u00f3prio) e aloca\u00e7\u00e3o de intelig\u00eancia t\u00e9cnica para grandes players. Refer\u00eancia em conformidade LGPD e Hunting de Squads de elite.<\/mark><\/p>\n\n\n\n<div class=\"wp-block-buttons is-layout-flex wp-block-buttons-is-layout-flex\">\n<div class=\"wp-block-button\"><a class=\"wp-block-button__link wp-element-button\" href=\"http:\/\/robertogalliera.com\/?page_id=79\" target=\"_blank\" rel=\"noreferrer noopener\">Ver todos os detalhes<\/a><\/div>\n<\/div>\n<\/div>\n<\/div>\n\n\n\n<div class=\"wp-block-columns is-layout-flex wp-container-core-columns-is-layout-28f84493 wp-block-columns-is-layout-flex\">\n<div class=\"wp-block-column is-vertically-aligned-center is-layout-flow wp-block-column-is-layout-flow\" style=\"flex-basis:33.33%\">\n<figure class=\"wp-block-image alignright size-full is-resized has-custom-border\"><img decoding=\"async\" width=\"1024\" height=\"1024\" src=\"http:\/\/robertogalliera.com\/wp-content\/uploads\/2026\/04\/Empresa_logistica_ativo_202604221401.jpeg\" alt=\"\" class=\"wp-image-101\" style=\"border-top-left-radius:10px;border-top-right-radius:10px;border-bottom-left-radius:10px;border-bottom-right-radius:10px;width:238px;height:auto\" srcset=\"https:\/\/robertogalliera.com\/wp-content\/uploads\/2026\/04\/Empresa_logistica_ativo_202604221401.jpeg 1024w, https:\/\/robertogalliera.com\/wp-content\/uploads\/2026\/04\/Empresa_logistica_ativo_202604221401-300x300.jpeg 300w, https:\/\/robertogalliera.com\/wp-content\/uploads\/2026\/04\/Empresa_logistica_ativo_202604221401-150x150.jpeg 150w, https:\/\/robertogalliera.com\/wp-content\/uploads\/2026\/04\/Empresa_logistica_ativo_202604221401-768x768.jpeg 768w\" sizes=\"(max-width: 1024px) 100vw, 1024px\" \/><\/figure>\n<\/div>\n\n\n\n<div class=\"wp-block-column has-border-color is-layout-flow wp-block-column-is-layout-flow\" style=\"border-color:#595959;border-width:1px;border-top-left-radius:10px;border-top-right-radius:10px;border-bottom-left-radius:10px;border-bottom-right-radius:10px;padding-top:var(--wp--preset--spacing--40);padding-right:var(--wp--preset--spacing--40);padding-bottom:var(--wp--preset--spacing--40);padding-left:var(--wp--preset--spacing--40);flex-basis:66.66%\">\n<div class=\"wp-block-group has-global-padding is-layout-constrained wp-block-group-is-layout-constrained\">\n<h2 class=\"wp-block-heading has-large-font-size\"><mark style=\"background-color:rgba(0, 0, 0, 0);color:#fff\" class=\"has-inline-color\">Empresa de TI<\/mark><br><mark style=\"background-color:rgba(0, 0, 0, 0)\" class=\"has-inline-color has-custom-color-1-color\">Omnichannel Core &amp; Scale<\/mark><\/h2>\n<\/div>\n\n\n\n<p><mark style=\"background-color:rgba(0, 0, 0, 0);color:#fff\" class=\"has-inline-color\">Empresa criada em 2003 (23 anos de mercado) com foco em solu\u00e7\u00f5es de telefonia VoIP, evoluiu ao longo dos anos para se tornar um dos ecossistemas mais completos do mercado brasileiro em atendimento omnichannel inteligente, focado na unifica\u00e7\u00e3o da jornada do cliente, eliminando fric\u00e7\u00f5es entre o f\u00edsico e o digital com alta efici\u00eancia operacional.<\/mark><\/p>\n\n\n\n<div class=\"wp-block-buttons is-layout-flex wp-block-buttons-is-layout-flex\">\n<div class=\"wp-block-button\"><a class=\"wp-block-button__link wp-element-button\" href=\"http:\/\/robertogalliera.com\/?page_id=138\">Ver todos os detalhes<\/a><\/div>\n<\/div>\n<\/div>\n<\/div>\n\n\n\n<div class=\"wp-block-columns is-layout-flex wp-container-core-columns-is-layout-28f84493 wp-block-columns-is-layout-flex\">\n<div class=\"wp-block-column is-vertically-aligned-center is-layout-flow wp-block-column-is-layout-flow\" style=\"flex-basis:33.33%\">\n<figure class=\"wp-block-image alignright size-full is-resized has-custom-border\"><img decoding=\"async\" width=\"1024\" height=\"1024\" src=\"http:\/\/robertogalliera.com\/wp-content\/uploads\/2026\/04\/Empresa_logistica_ativo_202604221401-1.jpeg\" alt=\"\" class=\"wp-image-102\" style=\"border-top-left-radius:10px;border-top-right-radius:10px;border-bottom-left-radius:10px;border-bottom-right-radius:10px;width:238px;height:auto\" srcset=\"https:\/\/robertogalliera.com\/wp-content\/uploads\/2026\/04\/Empresa_logistica_ativo_202604221401-1.jpeg 1024w, https:\/\/robertogalliera.com\/wp-content\/uploads\/2026\/04\/Empresa_logistica_ativo_202604221401-1-300x300.jpeg 300w, https:\/\/robertogalliera.com\/wp-content\/uploads\/2026\/04\/Empresa_logistica_ativo_202604221401-1-150x150.jpeg 150w, https:\/\/robertogalliera.com\/wp-content\/uploads\/2026\/04\/Empresa_logistica_ativo_202604221401-1-768x768.jpeg 768w\" sizes=\"(max-width: 1024px) 100vw, 1024px\" \/><\/figure>\n<\/div>\n\n\n\n<div class=\"wp-block-column has-border-color is-layout-flow wp-block-column-is-layout-flow\" style=\"border-color:#595959;border-width:1px;border-top-left-radius:10px;border-top-right-radius:10px;border-bottom-left-radius:10px;border-bottom-right-radius:10px;padding-top:var(--wp--preset--spacing--40);padding-right:var(--wp--preset--spacing--40);padding-bottom:var(--wp--preset--spacing--40);padding-left:var(--wp--preset--spacing--40);flex-basis:66.66%\">\n<div class=\"wp-block-group has-global-padding is-layout-constrained wp-block-group-is-layout-constrained\">\n<h2 class=\"wp-block-heading has-large-font-size\"><mark style=\"background-color:rgba(0, 0, 0, 0);color:#fff\" class=\"has-inline-color\">Empresa Transportadora<\/mark><br>Log\u00edstica de Safras (Agro-Strategic)<\/h2>\n<\/div>\n\n\n\n<p><mark style=\"background-color:rgba(0, 0, 0, 0);color:#fff\" class=\"has-inline-color\">Fundada em 1978, a empresa \u00e9 um pilar log\u00edstico no escoamento de safras (laranja, a\u00e7\u00facar, gr\u00e3os e fertilizantes). Opera\u00e7\u00e3o com sa\u00fade financeira impec\u00e1vel, sem inadimpl\u00eancia ou d\u00e9bitos fiscais, conectando os maiores produtores do Brasil aos principais terminais e ind\u00fastrias.<\/mark><\/p>\n\n\n\n<div class=\"wp-block-buttons is-layout-flex wp-block-buttons-is-layout-flex\">\n<div class=\"wp-block-button\"><a class=\"wp-block-button__link wp-element-button\" href=\"http:\/\/robertogalliera.com\/?page_id=140\">Ver todos os detalhes<\/a><\/div>\n<\/div>\n<\/div>\n<\/div>\n\n\n\n<div class=\"wp-block-columns is-layout-flex wp-container-core-columns-is-layout-28f84493 wp-block-columns-is-layout-flex\">\n<div class=\"wp-block-column is-vertically-aligned-center is-layout-flow wp-block-column-is-layout-flow\" style=\"flex-basis:33.33%\">\n<figure class=\"wp-block-image alignright size-full is-resized has-custom-border\"><img decoding=\"async\" width=\"1024\" height=\"1024\" src=\"http:\/\/robertogalliera.com\/wp-content\/uploads\/2026\/04\/Empresa_logistica_fusoes_202604221407.jpeg\" alt=\"\" class=\"wp-image-105\" style=\"border-top-left-radius:10px;border-top-right-radius:10px;border-bottom-left-radius:10px;border-bottom-right-radius:10px;width:238px;height:auto\" srcset=\"https:\/\/robertogalliera.com\/wp-content\/uploads\/2026\/04\/Empresa_logistica_fusoes_202604221407.jpeg 1024w, https:\/\/robertogalliera.com\/wp-content\/uploads\/2026\/04\/Empresa_logistica_fusoes_202604221407-300x300.jpeg 300w, https:\/\/robertogalliera.com\/wp-content\/uploads\/2026\/04\/Empresa_logistica_fusoes_202604221407-150x150.jpeg 150w, https:\/\/robertogalliera.com\/wp-content\/uploads\/2026\/04\/Empresa_logistica_fusoes_202604221407-768x768.jpeg 768w\" sizes=\"(max-width: 1024px) 100vw, 1024px\" \/><\/figure>\n<\/div>\n\n\n\n<div class=\"wp-block-column has-border-color is-layout-flow wp-block-column-is-layout-flow\" style=\"border-color:#595959;border-width:1px;border-top-left-radius:10px;border-top-right-radius:10px;border-bottom-left-radius:10px;border-bottom-right-radius:10px;padding-top:var(--wp--preset--spacing--40);padding-right:var(--wp--preset--spacing--40);padding-bottom:var(--wp--preset--spacing--40);padding-left:var(--wp--preset--spacing--40);flex-basis:66.66%\">\n<div class=\"wp-block-group has-global-padding is-layout-constrained wp-block-group-is-layout-constrained\">\n<h2 class=\"wp-block-heading has-large-font-size\"><mark style=\"background-color:rgba(0, 0, 0, 0);color:#fff\" class=\"has-inline-color\">Empresa Transportadora<\/mark><br>Log\u00edstica de Pesados<\/h2>\n<\/div>\n\n\n\n<p><mark style=\"background-color:rgba(0, 0, 0, 0);color:#fff\" class=\"has-inline-color\">Empresa com 35 anos de mercado, especialista no transporte de cargas indivis\u00edveis, excedentes e maquin\u00e1rio superpesado. Atua com destaque no transporte aduaneiro (DTA) em portos e aeroportos, possuindo cobertura securit\u00e1ria de R$ 35 milh\u00f5es junto \u00e0 Receita Federal.<\/mark><\/p>\n\n\n\n<div class=\"wp-block-buttons is-layout-flex wp-block-buttons-is-layout-flex\">\n<div class=\"wp-block-button\"><a class=\"wp-block-button__link wp-element-button\" href=\"http:\/\/robertogalliera.com\/?page_id=142\">Ver todos os detalhes<\/a><\/div>\n<\/div>\n<\/div>\n<\/div>\n\n\n\n<div class=\"wp-block-columns is-layout-flex wp-container-core-columns-is-layout-28f84493 wp-block-columns-is-layout-flex\">\n<div class=\"wp-block-column is-vertically-aligned-center is-layout-flow wp-block-column-is-layout-flow\" style=\"flex-basis:33.33%\">\n<figure class=\"wp-block-image alignright size-full is-resized has-custom-border\"><img decoding=\"async\" width=\"1024\" height=\"1024\" src=\"http:\/\/robertogalliera.com\/wp-content\/uploads\/2026\/04\/Imagem_simbolica_para_202604221408.jpeg\" alt=\"\" class=\"wp-image-106\" style=\"border-top-left-radius:10px;border-top-right-radius:10px;border-bottom-left-radius:10px;border-bottom-right-radius:10px;width:238px;height:auto\" srcset=\"https:\/\/robertogalliera.com\/wp-content\/uploads\/2026\/04\/Imagem_simbolica_para_202604221408.jpeg 1024w, https:\/\/robertogalliera.com\/wp-content\/uploads\/2026\/04\/Imagem_simbolica_para_202604221408-300x300.jpeg 300w, https:\/\/robertogalliera.com\/wp-content\/uploads\/2026\/04\/Imagem_simbolica_para_202604221408-150x150.jpeg 150w, https:\/\/robertogalliera.com\/wp-content\/uploads\/2026\/04\/Imagem_simbolica_para_202604221408-768x768.jpeg 768w\" sizes=\"(max-width: 1024px) 100vw, 1024px\" \/><\/figure>\n<\/div>\n\n\n\n<div class=\"wp-block-column has-border-color is-layout-flow wp-block-column-is-layout-flow\" style=\"border-color:#595959;border-width:1px;border-top-left-radius:10px;border-top-right-radius:10px;border-bottom-left-radius:10px;border-bottom-right-radius:10px;padding-top:var(--wp--preset--spacing--40);padding-right:var(--wp--preset--spacing--40);padding-bottom:var(--wp--preset--spacing--40);padding-left:var(--wp--preset--spacing--40);flex-basis:66.66%\">\n<div class=\"wp-block-group has-global-padding is-layout-constrained wp-block-group-is-layout-constrained\">\n<h2 class=\"wp-block-heading has-large-font-size\"><mark style=\"background-color:rgba(0, 0, 0, 0);color:#fff\" class=\"has-inline-color\">Termas Hotel<br><\/mark>Hospitality Asset<\/h2>\n<\/div>\n\n\n\n<p><mark style=\"background-color:rgba(0, 0, 0, 0);color:#fff\" class=\"has-inline-color\">Empreendimento hoteleiro premium em plena opera\u00e7\u00e3o, unindo luxo e bem-estar em uma regi\u00e3o de \u00e1guas termais raras. Ativo \u00fanico que det\u00e9m fonte pr\u00f3pria de \u00e1guas mineral hipertermal (46\u00b0C na fonte), ricas em l\u00edtio e enxofre, com propriedades terap\u00eauticas reconhecidas internacionalmente. Aeroporto pr\u00f3ximo.<\/mark> A 2\u00aa Melhor \u00c1gua Termal do Mundo !!!<\/p>\n\n\n\n<div class=\"wp-block-buttons is-layout-flex wp-block-buttons-is-layout-flex\">\n<div class=\"wp-block-button\"><a class=\"wp-block-button__link wp-element-button\" href=\"http:\/\/robertogalliera.com\/?page_id=146\">Ver todos os detalhes<\/a><\/div>\n<\/div>\n<\/div>\n<\/div>\n\n\n\n<div class=\"wp-block-columns is-layout-flex wp-container-core-columns-is-layout-28f84493 wp-block-columns-is-layout-flex\">\n<div class=\"wp-block-column is-vertically-aligned-center is-layout-flow wp-block-column-is-layout-flow\" style=\"flex-basis:33.33%\">\n<figure class=\"wp-block-image alignright size-full is-resized has-custom-border\"><img decoding=\"async\" width=\"1024\" height=\"1024\" src=\"http:\/\/robertogalliera.com\/wp-content\/uploads\/2026\/04\/Imagem_simbolica_para_202604221408-1.jpeg\" alt=\"\" class=\"wp-image-107\" style=\"border-top-left-radius:10px;border-top-right-radius:10px;border-bottom-left-radius:10px;border-bottom-right-radius:10px;width:238px;height:auto\" srcset=\"https:\/\/robertogalliera.com\/wp-content\/uploads\/2026\/04\/Imagem_simbolica_para_202604221408-1.jpeg 1024w, https:\/\/robertogalliera.com\/wp-content\/uploads\/2026\/04\/Imagem_simbolica_para_202604221408-1-300x300.jpeg 300w, https:\/\/robertogalliera.com\/wp-content\/uploads\/2026\/04\/Imagem_simbolica_para_202604221408-1-150x150.jpeg 150w, https:\/\/robertogalliera.com\/wp-content\/uploads\/2026\/04\/Imagem_simbolica_para_202604221408-1-768x768.jpeg 768w\" sizes=\"(max-width: 1024px) 100vw, 1024px\" \/><\/figure>\n<\/div>\n\n\n\n<div class=\"wp-block-column has-border-color is-layout-flow wp-block-column-is-layout-flow\" style=\"border-color:#595959;border-width:1px;border-top-left-radius:10px;border-top-right-radius:10px;border-bottom-left-radius:10px;border-bottom-right-radius:10px;padding-top:var(--wp--preset--spacing--40);padding-right:var(--wp--preset--spacing--40);padding-bottom:var(--wp--preset--spacing--40);padding-left:var(--wp--preset--spacing--40);flex-basis:66.66%\">\n<div class=\"wp-block-group has-global-padding is-layout-constrained wp-block-group-is-layout-constrained\">\n<h2 class=\"wp-block-heading has-large-font-size\"><mark style=\"background-color:rgba(0, 0, 0, 0);color:#fff\" class=\"has-inline-color\">Entidade Educacional de Terceiro Setor<\/mark><br><em>(OSCIP) <\/em>&#8211; Sucess\u00e3o Institucional<\/h2>\n<\/div>\n\n\n\n<p><mark style=\"background-color:rgba(0, 0, 0, 0);color:#fff\" class=\"has-inline-color\">Disponibiliza\u00e7\u00e3o de estrutura jur\u00eddica madura para grupos educacionais ou corpora\u00e7\u00f5es focadas em Educa\u00e7\u00e3o de Jovens e Adultos e ESG. Associa\u00e7\u00e3o com 17 anos de hist\u00f3rico, qualificada como OSCIP (Organiza\u00e7\u00e3o da Sociedade Civil de Interesse P\u00fablico) e plena conformidade com o Marco Regulat\u00f3rio (MROSC). Ideal para viabiliza\u00e7\u00e3o imediata de projetos sociais, educacionais e capta\u00e7\u00e3o via incentivos fiscais.<\/mark><\/p>\n\n\n\n<div class=\"wp-block-buttons is-layout-flex wp-block-buttons-is-layout-flex\">\n<div class=\"wp-block-button\"><a class=\"wp-block-button__link wp-element-button\" href=\"http:\/\/robertogalliera.com\/?page_id=144\">Ver todos os detalhes<\/a><\/div>\n<\/div>\n<\/div>\n<\/div>\n<\/div>\n\n\n\n<p><\/p>\n","protected":false},"excerpt":{"rendered":"<p>Oportunidades M&amp;A Empresa de TICybersecurity &amp; Tech Ops Ativo estrat\u00e9gico com 26 anos de mercado, especializado em blindagem de dados [&hellip;]<\/p>\n","protected":false},"author":1,"featured_media":0,"parent":0,"menu_order":0,"comment_status":"closed","ping_status":"closed","template":"about","meta":{"footnotes":""},"class_list":["post-6","page","type-page","status-publish","hentry"],"_links":{"self":[{"href":"https:\/\/robertogalliera.com\/index.php?rest_route=\/wp\/v2\/pages\/6","targetHints":{"allow":["GET"]}}],"collection":[{"href":"https:\/\/robertogalliera.com\/index.php?rest_route=\/wp\/v2\/pages"}],"about":[{"href":"https:\/\/robertogalliera.com\/index.php?rest_route=\/wp\/v2\/types\/page"}],"author":[{"embeddable":true,"href":"https:\/\/robertogalliera.com\/index.php?rest_route=\/wp\/v2\/users\/1"}],"replies":[{"embeddable":true,"href":"https:\/\/robertogalliera.com\/index.php?rest_route=%2Fwp%2Fv2%2Fcomments&post=6"}],"version-history":[{"count":16,"href":"https:\/\/robertogalliera.com\/index.php?rest_route=\/wp\/v2\/pages\/6\/revisions"}],"predecessor-version":[{"id":200,"href":"https:\/\/robertogalliera.com\/index.php?rest_route=\/wp\/v2\/pages\/6\/revisions\/200"}],"wp:attachment":[{"href":"https:\/\/robertogalliera.com\/index.php?rest_route=%2Fwp%2Fv2%2Fmedia&parent=6"}],"curies":[{"name":"wp","href":"https:\/\/api.w.org\/{rel}","templated":true}]}}